{"id":48,"date":"2020-10-06T10:40:55","date_gmt":"2020-10-06T08:40:55","guid":{"rendered":"http:\/\/lebenswelt-schule.webentwicklung.haus-der-edv.de\/?page_id=48"},"modified":"2023-08-11T11:30:05","modified_gmt":"2023-08-11T09:30:05","slug":"arbeitsgemeinschaften","status":"publish","type":"page","link":"https:\/\/www.lebenswelt-schule.de\/index.php\/hort\/arbeitsgemeinschaften\/","title":{"rendered":"Unsere Haltung"},"content":{"rendered":"\n<h1 class=\"has-text-align-center has-text-color wp-block-heading\" style=\"color:#034316\"><mark style=\"background-color:rgba(0, 0, 0, 0);color:#034165\" class=\"has-inline-color\">Schwerpunkte und Ziele unserer Arbeit<\/mark><\/h1>\n\n\n\n<p class=\"has-text-align-center has-very-light-gray-background-color has-text-color has-background\" style=\"color:#034316;font-size:30px\"><mark style=\"background-color:rgba(0, 0, 0, 0);color:#034165\" class=\"has-inline-color\">Wertsch\u00e4tzung, Vertrauen und Achtung <\/mark><\/p>\n\n\n\n<ul class=\"wp-block-list\">\n<li><strong>Jedes Kind ist einzigartig und wertvoll<\/strong>. Als gewolltes und geliebtes Gesch\u00f6pf Gottes steht es mit seinem Wesen, seinen F\u00e4higkeiten und Interessen im Mittelpunkt unserer p\u00e4dagogischen Arbeit.<\/li>\n<\/ul>\n\n\n\n<ul class=\"wp-block-list\">\n<li>Unsere p\u00e4dagogische Grundhaltung ist von <strong>Wertsch\u00e4tzung und Vertrauen<\/strong> gepr\u00e4gt. Wir begegnen Kindern mit Achtung und Respekt.<\/li>\n<\/ul>\n\n\n\n<ul class=\"wp-block-list\">\n<li>Nach christlichem Vorbild wollen wir Kinder bef\u00e4higen, <strong>mit<\/strong> ihren <strong>Mitmenschen und der Natur wertsch\u00e4tzend umzugehen.<\/strong><\/li>\n<\/ul>\n\n\n\n<figure class=\"wp-block-gallery has-nested-images columns-4 is-cropped wp-block-gallery-1 is-layout-flex wp-block-gallery-is-layout-flex\">\n<figure class=\"wp-block-image size-large\"><img loading=\"lazy\" decoding=\"async\" width=\"1024\" height=\"768\" data-id=\"1620\" src=\"https:\/\/www.lebenswelt-schule.de\/wp-content\/uploads\/2023\/08\/IMG_0340-1024x768.jpg\" alt=\"\" class=\"wp-image-1620\" srcset=\"https:\/\/www.lebenswelt-schule.de\/wp-content\/uploads\/2023\/08\/IMG_0340-1024x768.jpg 1024w, https:\/\/www.lebenswelt-schule.de\/wp-content\/uploads\/2023\/08\/IMG_0340-300x225.jpg 300w, https:\/\/www.lebenswelt-schule.de\/wp-content\/uploads\/2023\/08\/IMG_0340-768x576.jpg 768w, https:\/\/www.lebenswelt-schule.de\/wp-content\/uploads\/2023\/08\/IMG_0340-1536x1152.jpg 1536w, https:\/\/www.lebenswelt-schule.de\/wp-content\/uploads\/2023\/08\/IMG_0340-2048x1536.jpg 2048w, https:\/\/www.lebenswelt-schule.de\/wp-content\/uploads\/2023\/08\/IMG_0340-285x214.jpg 285w\" sizes=\"auto, (max-width: 1024px) 100vw, 1024px\" \/><\/figure>\n\n\n\n<figure class=\"wp-block-image size-large\"><img loading=\"lazy\" decoding=\"async\" width=\"1024\" height=\"768\" data-id=\"1624\" src=\"https:\/\/www.lebenswelt-schule.de\/wp-content\/uploads\/2023\/08\/IMG_2386-1024x768.jpg\" alt=\"\" class=\"wp-image-1624\" srcset=\"https:\/\/www.lebenswelt-schule.de\/wp-content\/uploads\/2023\/08\/IMG_2386-1024x768.jpg 1024w, https:\/\/www.lebenswelt-schule.de\/wp-content\/uploads\/2023\/08\/IMG_2386-300x225.jpg 300w, https:\/\/www.lebenswelt-schule.de\/wp-content\/uploads\/2023\/08\/IMG_2386-768x576.jpg 768w, https:\/\/www.lebenswelt-schule.de\/wp-content\/uploads\/2023\/08\/IMG_2386-1536x1152.jpg 1536w, https:\/\/www.lebenswelt-schule.de\/wp-content\/uploads\/2023\/08\/IMG_2386-2048x1536.jpg 2048w, https:\/\/www.lebenswelt-schule.de\/wp-content\/uploads\/2023\/08\/IMG_2386-285x214.jpg 285w\" sizes=\"auto, (max-width: 1024px) 100vw, 1024px\" \/><\/figure>\n\n\n\n<figure class=\"wp-block-image size-large\"><img loading=\"lazy\" decoding=\"async\" width=\"1024\" height=\"768\" data-id=\"1622\" src=\"https:\/\/www.lebenswelt-schule.de\/wp-content\/uploads\/2023\/08\/P9150006-1024x768.jpg\" alt=\"\" class=\"wp-image-1622\" srcset=\"https:\/\/www.lebenswelt-schule.de\/wp-content\/uploads\/2023\/08\/P9150006-1024x768.jpg 1024w, https:\/\/www.lebenswelt-schule.de\/wp-content\/uploads\/2023\/08\/P9150006-300x225.jpg 300w, https:\/\/www.lebenswelt-schule.de\/wp-content\/uploads\/2023\/08\/P9150006-768x576.jpg 768w, https:\/\/www.lebenswelt-schule.de\/wp-content\/uploads\/2023\/08\/P9150006-1536x1152.jpg 1536w, https:\/\/www.lebenswelt-schule.de\/wp-content\/uploads\/2023\/08\/P9150006-2048x1536.jpg 2048w, https:\/\/www.lebenswelt-schule.de\/wp-content\/uploads\/2023\/08\/P9150006-285x214.jpg 285w\" sizes=\"auto, (max-width: 1024px) 100vw, 1024px\" \/><\/figure>\n\n\n\n<figure class=\"wp-block-image size-large\"><img loading=\"lazy\" decoding=\"async\" width=\"1024\" height=\"768\" data-id=\"1623\" src=\"https:\/\/www.lebenswelt-schule.de\/wp-content\/uploads\/2023\/08\/IMG_0406-1024x768.jpg\" alt=\"\" class=\"wp-image-1623\" srcset=\"https:\/\/www.lebenswelt-schule.de\/wp-content\/uploads\/2023\/08\/IMG_0406-1024x768.jpg 1024w, https:\/\/www.lebenswelt-schule.de\/wp-content\/uploads\/2023\/08\/IMG_0406-300x225.jpg 300w, https:\/\/www.lebenswelt-schule.de\/wp-content\/uploads\/2023\/08\/IMG_0406-768x576.jpg 768w, https:\/\/www.lebenswelt-schule.de\/wp-content\/uploads\/2023\/08\/IMG_0406-1536x1152.jpg 1536w, https:\/\/www.lebenswelt-schule.de\/wp-content\/uploads\/2023\/08\/IMG_0406-2048x1536.jpg 2048w, https:\/\/www.lebenswelt-schule.de\/wp-content\/uploads\/2023\/08\/IMG_0406-285x214.jpg 285w\" sizes=\"auto, (max-width: 1024px) 100vw, 1024px\" \/><\/figure>\n<\/figure>\n\n\n\n<p><\/p>\n\n\n\n<p class=\"has-text-align-center has-very-light-gray-background-color has-background\" style=\"font-size:30px\"><mark style=\"background-color:rgba(0, 0, 0, 0);color:#034165\" class=\"has-inline-color\">P\u00e4dagogischer Grunds\u00e4tze<\/mark><\/p>\n\n\n\n<ul class=\"wp-block-list\">\n<li>Der Hort ist ein Ort der informellen Bildung und der p\u00e4dagogischen Freizeitgestaltung. Auf der Grundlage der im <strong>S\u00e4chsischen Bildungsplan<\/strong> beschriebenen Bildungsbereiche bieten wir den Kindern Lernarrangements, die von der N\u00e4he der kindlichen Lebenswelt gepr\u00e4gt sind. <\/li>\n<\/ul>\n\n\n\n<ul class=\"wp-block-list\">\n<li>Unser Hort ist ein offener Hort. Kinder k\u00f6nnen bei uns <strong>wachsen und sich entfalten<\/strong>. Hierzu gibt es Freir\u00e4ume, Angebote, Impulse und Wahlm\u00f6glichkeiten. Die Kinder erleben sich als eine Gemeinschaft und k\u00f6nnen klassen\u00fcbergreifend Freundschaften pflegen.<\/li>\n<\/ul>\n\n\n\n<ul class=\"wp-block-list\">\n<li>Kinder sollen bei uns lernen, die <strong>Bed\u00fcrfnisse und Grenzen anderer <\/strong>Menschen zu<strong> respektiere<\/strong>n, ihre <strong>eigene Bed\u00fcrfnisse zu artikulieren <\/strong> und sich als <strong>Teil der Gemeinschaft<\/strong> einzubringen.<\/li>\n<\/ul>\n\n\n\n<ul class=\"wp-block-list\">\n<li>Im t\u00e4glichen Miteinander lernen die Kinder <strong>soziale Kompetenze<\/strong>n wie gegenseitige R\u00fccksichtnahme und Achtung, Toleranz, Hilfsbereitschaft, das Einhalten von Regeln und angemessene Kl\u00e4rung von Konflikten, Vers\u00f6hnung und Verzeihen.<\/li>\n<\/ul>\n\n\n\n<p class=\"has-text-align-center has-very-light-gray-background-color has-background\" style=\"font-size:30px\"><mark style=\"background-color:rgba(0, 0, 0, 0);color:#034165\" class=\"has-inline-color\">Zusammenarbeit auf allen Ebenen<mark style=\"background-color:rgba(0, 0, 0, 0)\" class=\"has-inline-color has-light-green-cyan-color\"><\/mark><\/mark><\/p>\n\n\n\n<ul class=\"wp-block-list\">\n<li>Jeder Klasse ist jeweils ein Bezugserzieher oder eine Bezugserzieherin zugeordnet, die in besonderem Ma\u00dfe f\u00fcr die Kinder der jeweiligen Gruppe zust\u00e4ndig sind. Sie sind verl\u00e4ssliche Ansprechpersonen f\u00fcr Kinder, Eltern und Lehrerinnen. <\/li>\n<\/ul>\n\n\n\n<ul class=\"wp-block-list\">\n<li>Wir leben eine enge Kooperation mit Eltern und Lehrerinnen, um im Sinne einer <strong>Bildungspartnerschaft <\/strong>die Entwicklung der Kinder bestm\u00f6glich zu begleiten und zu f\u00f6rdern.<\/li>\n<\/ul>\n\n\n\n<ul class=\"wp-block-list\">\n<li>Die Mitarbeitenden unseres Hortteams arbeiten <strong>kompetenzorientiert<\/strong>. Jeder Mitarbeitende ist f\u00fcr einen bestimmten Bereich unseres Hortes, sowie spezifische Aufgaben in unserer Lebenswelt verantwortlich. <br>Die Reflexion unserer p\u00e4dagogischen Arbeit, konstruktives Feedback, w\u00f6chentliche Teamberatungen und Weiterbildungen sind wichtige Parameter unserer Zusammenarbeit.<\/li>\n<\/ul>\n\n\n\n<p><\/p>\n\n\n\n<h1 class=\"has-text-align-center wp-block-heading\"><mark style=\"background-color:rgba(0, 0, 0, 0);color:#034165\" class=\"has-inline-color\">Struktur und Kontexte<\/mark><\/h1>\n\n\n\n<p class=\"has-text-align-center has-very-light-gray-background-color has-background\" style=\"font-size:30px\"><mark style=\"background-color:rgba(0, 0, 0, 0);color:#034165\" class=\"has-inline-color\">Kinderstruktur<\/mark><\/p>\n\n\n\n<ul class=\"wp-block-list\">\n<li>Der Lebenswelt Hort hat eine Kapazit\u00e4t von 71 Pl\u00e4tzen. Davon stehen bis zu sechs Pl\u00e4tzen Kindern mit Integrationsbedarf zur Verf\u00fcgung.<\/li>\n\n\n\n<li>Alle Kinder der Lebenswelt Schule haben einen Betreuungsvertrag \u00fcber 6 Stunden im Lebenswelt Hort.<\/li>\n\n\n\n<li>Die Kinder der Lebenswelt Schule kommen aus Zwenkau, den umliegenden Orten und Gemeinden und \u00fcber die Grenzen des Landkreises Leipzig hinaus. Ca. 30% sind Fremdgemeindekinder. <br>Der Transfer der Kinder erfolgt durch die Eltern per PKW \u00fcber \u00f6ffentliche Verkehrsmittel sowie von den Eltern organisierte Fahrgemeinschaften.<\/li>\n<\/ul>\n\n\n\n<p class=\"has-text-align-center has-very-light-gray-background-color has-background\" style=\"font-size:30px\"><mark style=\"background-color:rgba(0, 0, 0, 0);color:#034165\" class=\"has-inline-color\">\u00d6ffnungszeiten<\/mark><\/p>\n\n\n\n<ul class=\"wp-block-list\">\n<li>Der Hort ist an jedem Schultag von 7:00 bis 8:00 Uhr (Fr\u00fchhort) und von 12:00 bis 17:00 Uhr ge\u00f6ffnet. <\/li>\n\n\n\n<li>Die Betreuungss\u00e4tze entsprechen denen kommunaler Kindereinrichtungen der Stadt Zwenkau.<\/li>\n\n\n\n<li>In den in Sachsen festgelegten Ferienzeiten ist der Hort von 8:00 bis 16:00 Uhr ge\u00f6ffnet. Eine Bedarfsabfrage erfolgt ca. 4 Wochen vor den jeweiligen Ferien.<\/li>\n\n\n\n<li>W\u00e4hrend der Sommerferien gibt es eine dreiw\u00f6chige Schlie\u00dfzeit. In der Zeit zwischen Weihnachten und Neujahr ist der Hort ebenfalls geschlossen.<\/li>\n<\/ul>\n\n\n\n<p class=\"has-text-align-center has-very-light-gray-background-color has-background\" style=\"font-size:30px\"><mark style=\"background-color:rgba(0, 0, 0, 0);color:#034165\" class=\"has-inline-color\">Ein-Blick ins Geb\u00e4ude und ins Au\u00dfengel\u00e4nde<\/mark><\/p>\n\n\n\n<figure class=\"wp-block-gallery has-nested-images columns-5 is-cropped wp-block-gallery-2 is-layout-flex wp-block-gallery-is-layout-flex\">\n<figure class=\"wp-block-image size-thumbnail\"><img loading=\"lazy\" decoding=\"async\" width=\"150\" height=\"150\" data-id=\"726\" src=\"https:\/\/www.lebenswelt-schule.de\/wp-content\/uploads\/2020\/12\/IMG_0719-150x150.jpg\" alt=\"\" class=\"wp-image-726\" srcset=\"https:\/\/www.lebenswelt-schule.de\/wp-content\/uploads\/2020\/12\/IMG_0719-150x150.jpg 150w, https:\/\/www.lebenswelt-schule.de\/wp-content\/uploads\/2020\/12\/IMG_0719-73x73.jpg 73w, https:\/\/www.lebenswelt-schule.de\/wp-content\/uploads\/2020\/12\/IMG_0719-174x174.jpg 174w, https:\/\/www.lebenswelt-schule.de\/wp-content\/uploads\/2020\/12\/IMG_0719-250x250.jpg 250w\" sizes=\"auto, (max-width: 150px) 100vw, 150px\" \/><\/figure>\n\n\n\n<figure class=\"wp-block-image size-thumbnail\"><img loading=\"lazy\" decoding=\"async\" width=\"150\" height=\"150\" data-id=\"1009\" src=\"https:\/\/www.lebenswelt-schule.de\/wp-content\/uploads\/2020\/12\/IMG_0732-150x150.jpg\" alt=\"\" class=\"wp-image-1009\" srcset=\"https:\/\/www.lebenswelt-schule.de\/wp-content\/uploads\/2020\/12\/IMG_0732-150x150.jpg 150w, https:\/\/www.lebenswelt-schule.de\/wp-content\/uploads\/2020\/12\/IMG_0732-73x73.jpg 73w, https:\/\/www.lebenswelt-schule.de\/wp-content\/uploads\/2020\/12\/IMG_0732-174x174.jpg 174w, https:\/\/www.lebenswelt-schule.de\/wp-content\/uploads\/2020\/12\/IMG_0732-250x250.jpg 250w\" sizes=\"auto, (max-width: 150px) 100vw, 150px\" \/><\/figure>\n\n\n\n<figure class=\"wp-block-image size-thumbnail\"><img loading=\"lazy\" decoding=\"async\" width=\"150\" height=\"150\" data-id=\"1625\" src=\"https:\/\/www.lebenswelt-schule.de\/wp-content\/uploads\/2023\/08\/Foto-Schule-150x150.jpg\" alt=\"\" class=\"wp-image-1625\" srcset=\"https:\/\/www.lebenswelt-schule.de\/wp-content\/uploads\/2023\/08\/Foto-Schule-150x150.jpg 150w, https:\/\/www.lebenswelt-schule.de\/wp-content\/uploads\/2023\/08\/Foto-Schule-73x73.jpg 73w, https:\/\/www.lebenswelt-schule.de\/wp-content\/uploads\/2023\/08\/Foto-Schule-174x174.jpg 174w, https:\/\/www.lebenswelt-schule.de\/wp-content\/uploads\/2023\/08\/Foto-Schule-250x250.jpg 250w\" sizes=\"auto, (max-width: 150px) 100vw, 150px\" \/><figcaption class=\"wp-element-caption\"><br><\/figcaption><\/figure>\n\n\n\n<figure class=\"wp-block-image size-thumbnail is-style-default\"><img loading=\"lazy\" decoding=\"async\" width=\"150\" height=\"150\" data-id=\"1628\" src=\"https:\/\/www.lebenswelt-schule.de\/wp-content\/uploads\/2023\/08\/P5020065-1-150x150.jpg\" alt=\"\" class=\"wp-image-1628\" srcset=\"https:\/\/www.lebenswelt-schule.de\/wp-content\/uploads\/2023\/08\/P5020065-1-150x150.jpg 150w, https:\/\/www.lebenswelt-schule.de\/wp-content\/uploads\/2023\/08\/P5020065-1-73x73.jpg 73w, https:\/\/www.lebenswelt-schule.de\/wp-content\/uploads\/2023\/08\/P5020065-1-174x174.jpg 174w, https:\/\/www.lebenswelt-schule.de\/wp-content\/uploads\/2023\/08\/P5020065-1-250x250.jpg 250w\" sizes=\"auto, (max-width: 150px) 100vw, 150px\" \/><\/figure>\n\n\n\n<figure class=\"wp-block-image size-thumbnail\"><img loading=\"lazy\" decoding=\"async\" width=\"150\" height=\"150\" data-id=\"1627\" src=\"https:\/\/www.lebenswelt-schule.de\/wp-content\/uploads\/2023\/08\/P5020066-150x150.jpg\" alt=\"\" class=\"wp-image-1627\" srcset=\"https:\/\/www.lebenswelt-schule.de\/wp-content\/uploads\/2023\/08\/P5020066-150x150.jpg 150w, https:\/\/www.lebenswelt-schule.de\/wp-content\/uploads\/2023\/08\/P5020066-73x73.jpg 73w, https:\/\/www.lebenswelt-schule.de\/wp-content\/uploads\/2023\/08\/P5020066-174x174.jpg 174w, https:\/\/www.lebenswelt-schule.de\/wp-content\/uploads\/2023\/08\/P5020066-250x250.jpg 250w\" sizes=\"auto, (max-width: 150px) 100vw, 150px\" \/><\/figure>\n<\/figure>\n\n\n\n<p><\/p>\n\n\n\n<h1 class=\"has-text-align-center wp-block-heading\"><mark style=\"background-color:rgba(0, 0, 0, 0);color:#034165\" class=\"has-inline-color\">Kinderbeteiligung<\/mark><\/h1>\n\n\n\n<p class=\"has-text-align-center has-very-light-gray-background-color has-background\" style=\"font-size:30px\"><mark style=\"background-color:rgba(0, 0, 0, 0);color:#034165\" class=\"has-inline-color\">Grundrecht Beteiligung<\/mark><\/p>\n\n\n\n<ul class=\"wp-block-list\">\n<li>Kinder haben im Lebenswelt Hort das Recht auf Beteiligung. <br>Sie beteiligen sich an Aufgaben des Alltags und deren Verrichtung und k\u00f6nnen im praktischen Tun &#8211; als Gestalter ihres eigenen Lebens &#8211; Selbstwirksamkeit erleben. <\/li>\n\n\n\n<li>Beispiele sind die Unterst\u00fctzung bei der Zubereitung unseres gesunden Vespers, die Auswahl des Mittagessens durch eine verantwortliche Kindergruppe, die eigenst\u00e4ndige Nutzung unserer Kinderk\u00fcche.<\/li>\n<\/ul>\n\n\n\n<p class=\"has-text-align-center has-very-light-gray-background-color has-background\" style=\"font-size:30px\"><mark style=\"background-color:rgba(0, 0, 0, 0);color:#034165\" class=\"has-inline-color\">Hilf mir, ich m\u00f6chte es selber tun.<\/mark><\/p>\n\n\n\n<ul class=\"wp-block-list\">\n<li>In diesem Zusammenhang folgen wir dem montessorischen Prinzip &#8222;Hilf mir es selbst zu tun.&#8220; <br>Das, was ein Kind selbst erledigen kann, soll es auch selbst tun. <br>Dort, wo ein Kind noch Unterst\u00fctzung ben\u00f6tigt, kann es auf Kinder mit diesen Kompetenzen und die Hilfe zur Selbsthilfe durch Erwachsene zur\u00fcckgreifen. <\/li>\n\n\n\n<li>Wir m\u00f6chten Kinder in die Selbstst\u00e4ndigkeit f\u00fchren. Hierzu werden sie angeleitet, begleitet und altersgerecht mit Eigenverantwortung ausgestattet.<\/li>\n<\/ul>\n\n\n\n<p class=\"has-text-align-center has-very-dark-gray-color has-very-light-gray-background-color has-text-color has-background\" style=\"font-size:30px\"><mark style=\"background-color:rgba(0, 0, 0, 0);color:#034165\" class=\"has-inline-color\">Demokratie lernen <\/mark><\/p>\n\n\n\n<ul class=\"wp-block-list\">\n<li>W\u00e4hrend des gesamten Hort-Nachmittages haben die Kinder in besonderer Weise die M\u00f6glichkeit, \u00fcber ihre Zeit frei zu verf\u00fcgen. Durch unser Konzept der offenen Arbeit k\u00f6nnen die Kinder in allen R\u00e4umen des Hauses und im gesamten Au\u00dfengel\u00e4nde ihren Interessen und Neigungen nachgehen und auch entscheiden, wann und mit wem sie ihre Freizeit verbringen. <\/li>\n\n\n\n<li>Durch die freie Wahl der T\u00e4tigkeit und des Spielpartners haben die Kinder die M\u00f6glichkeit ihre Interessen zu verfolgen. Dabei lernen sie sich in verschiedenen Spielgruppen einzuf\u00fcgen, Rollen zu wechseln und Absprachen zu treffen. Sie \u00fcbernehmen Verantwortung und \u00fcben sich in Selbst\u00e4ndigkeit.<\/li>\n\n\n\n<li>Damit die Kinder ihre Beteiligungsrechte aus\u00fcben k\u00f6nnen, werden ihnen die Entscheidungsspielr\u00e4ume entsprechend ihrem Entwicklungsstand erkl\u00e4rt und Formen der Information, der Mitsprache und Mitentscheidung praktiziert.<\/li>\n\n\n\n<li>In den Morgen- und Gespr\u00e4chskreisen der Klassen, beim gemeinsamen Mittagessen, in kleinen Vespergruppen oder bei den Ganztagsangeboten k\u00f6nnen Themen besprochen werden, die Kinder bewegen und durch sie anregt werden. Kinder werden dadurch herausgefordert, eigene Standpunkte zu Themen zu entwickeln, sie zu formulieren und vor der Gruppe und gegen\u00fcber den P\u00e4dagogen zu vertreten.<\/li>\n<\/ul>\n\n\n\n<p><\/p>\n\n\n\n<h1 class=\"has-text-align-center wp-block-heading\"><mark style=\"background-color:rgba(0, 0, 0, 0);color:#034165\" class=\"has-inline-color\">Beobachtung und Dokumentation<\/mark><\/h1>\n\n\n\n<ul class=\"wp-block-list\">\n<li>Eine wichtige Aufgabe der p\u00e4dagogischen Fachkr\u00e4fte besteht in der Gestaltung der vorbereiteten Umgebung f\u00fcr das Kind. <\/li>\n\n\n\n<li>Die genaue Beobachtung der Kinder, ihrer Interessen und Lernfortschritte ist Grundlage f\u00fcr die Auswahl der Materialien, die den Kindern zur Verf\u00fcgung gestellt werden.<\/li>\n\n\n\n<li>Neben dieser alltagsbegleitenden Beobachtung, ist es wichtig, die unterschiedlichen Lebenssituationen der Kinder sensibel wahrzunehmen und positive Bildungserfahrungen zu erm\u00f6glichen.<\/li>\n<\/ul>\n\n\n\n<p><\/p>\n\n\n\n<h1 class=\"has-text-align-center wp-block-heading\"><mark style=\"background-color:rgba(0, 0, 0, 0);color:#034165\" class=\"has-inline-color\">Ganztagsangebote  <\/mark><\/h1>\n\n\n\n<p class=\"has-text-align-center has-very-light-gray-background-color has-background\" style=\"font-size:30px\"><mark style=\"background-color:rgba(0, 0, 0, 0);color:#034165\" class=\"has-inline-color\">Das habe ich im Hort gelernt!<\/mark><\/p>\n\n\n\n<ul class=\"wp-block-list\">\n<li>Den vielf\u00e4ltigen Interessen, Neigungen und Begabungen unserer Kinder m\u00f6chten wir auch mit einem ausgewogenem Ganztagsangebot Rechnung tragen.<\/li>\n\n\n\n<li>In unseren Ganztagsangeboten haben die Kinder die M\u00f6glichkeit, individuelle St\u00e4rken weiter auszubauen, Fertigkeiten zu erlernen, Interessen zu entwickeln sowie verschiedene Freizeitbereiche kennenzulernen.<\/li>\n<\/ul>\n\n\n\n<p class=\"has-text-align-center has-very-light-gray-background-color has-background\" style=\"font-size:30px\"><mark style=\"background-color:rgba(0, 0, 0, 0);color:#034165\" class=\"has-inline-color\">Abwechslung im rhythmisierten Ganztag <\/mark><\/p>\n\n\n\n<ul class=\"wp-block-list\">\n<li>Unsere Ganztags-Angebote sollen zum einen die F\u00e4higkeit schulen, die Aufmerksamkeit willentlich auf ein Interessengebiet, ein Thema, einen Gegenstand, eine Person richten zu k\u00f6nnen. So werden Konzentration, Ausdauer und Zielorientierung gef\u00f6rdert. <\/li>\n\n\n\n<li>Zum anderen tragen unsere GTAs in einem rhythmisierten Tagesablauf dem Wechsel von geistiger und k\u00f6rperlicher An- und Entspannung bei.<\/li>\n<\/ul>\n\n\n\n<p class=\"has-text-align-center has-very-light-gray-background-color has-background\" style=\"font-size:30px\"><mark style=\"background-color:rgba(0, 0, 0, 0);color:#034165\" class=\"has-inline-color\">Kleingruppe als Sozialisationsform <\/mark><\/p>\n\n\n\n<ul class=\"wp-block-list\">\n<li>Die f\u00fcr ein halbes Jahr verbindlich gew\u00e4hlten GTAs sind auf eine Teilnehmerzahl von max. zehn Kinder begrenzt. Sie stellen die besondere Form einer selbst gew\u00e4hlten Interessensgemeinschaft dar.<\/li>\n\n\n\n<li>Alle unsere GTAs sind jahrgangsgemischt und f\u00fcr Jungen und M\u00e4dchen gleicherma\u00dfen zug\u00e4nglich. Somit werden die Kinder auch in der Entwicklung ihrer eigenen Geschlechteridentit\u00e4t gef\u00f6rdert, ohne unreflektiert Geschlechterstereotype zu \u00fcbernehmen.<\/li>\n<\/ul>\n","protected":false},"excerpt":{"rendered":"<p>Schwerpunkte und Ziele unserer Arbeit Wertsch\u00e4tzung, Vertrauen und Achtung P\u00e4dagogischer Grunds\u00e4tze Zusammenarbeit auf allen Ebenen Struktur und Kontexte Kinderstruktur \u00d6ffnungszeiten Ein-Blick ins Geb\u00e4ude und ins Au\u00dfengel\u00e4nde Kinderbeteiligung Grundrecht Beteiligung Hilf mir, ich m\u00f6chte es selber tun. Demokratie lernen Beobachtung und Dokumentation Ganztagsangebote Das habe ich im Hort gelernt! Abwechslung im rhythmisierten Ganztag Kleingruppe als Sozialisationsform<\/p>\n","protected":false},"author":1,"featured_media":0,"parent":43,"menu_order":0,"comment_status":"closed","ping_status":"closed","template":"","meta":{"_themeisle_gutenberg_block_has_review":false,"footnotes":""},"class_list":["post-48","page","type-page","status-publish","hentry"],"yoast_head":"<!-- This site is optimized with the Yoast SEO plugin v26.9 - https:\/\/yoast.com\/product\/yoast-seo-wordpress\/ -->\n<title>Unsere Haltung - Lebenswelt Schule<\/title>\n<meta name=\"robots\" content=\"index, follow, max-snippet:-1, max-image-preview:large, max-video-preview:-1\" \/>\n<link rel=\"canonical\" href=\"https:\/\/www.lebenswelt-schule.de\/index.php\/hort\/arbeitsgemeinschaften\/\" \/>\n<meta property=\"og:locale\" content=\"de_DE\" \/>\n<meta property=\"og:type\" content=\"article\" \/>\n<meta property=\"og:title\" content=\"Unsere Haltung - Lebenswelt Schule\" \/>\n<meta property=\"og:description\" content=\"Schwerpunkte und Ziele unserer Arbeit Wertsch\u00e4tzung, Vertrauen und Achtung P\u00e4dagogischer Grunds\u00e4tze Zusammenarbeit auf allen Ebenen Struktur und Kontexte Kinderstruktur \u00d6ffnungszeiten Ein-Blick ins Geb\u00e4ude und ins Au\u00dfengel\u00e4nde Kinderbeteiligung Grundrecht Beteiligung Hilf mir, ich m\u00f6chte es selber tun. Demokratie lernen Beobachtung und Dokumentation Ganztagsangebote Das habe ich im Hort gelernt! Abwechslung im rhythmisierten Ganztag Kleingruppe als Sozialisationsform\" \/>\n<meta property=\"og:url\" content=\"https:\/\/www.lebenswelt-schule.de\/index.php\/hort\/arbeitsgemeinschaften\/\" \/>\n<meta property=\"og:site_name\" content=\"Lebenswelt Schule\" \/>\n<meta property=\"article:publisher\" content=\"https:\/\/www.facebook.com\/lebensweltschule\" \/>\n<meta property=\"article:modified_time\" content=\"2023-08-11T09:30:05+00:00\" \/>\n<meta property=\"og:image\" content=\"https:\/\/lebenswelt-schule-de.server.wwu.media\/wp-content\/uploads\/2023\/08\/IMG_0340-1024x768.jpg\" \/>\n<meta name=\"twitter:card\" content=\"summary_large_image\" \/>\n<script type=\"application\/ld+json\" class=\"yoast-schema-graph\">{\"@context\":\"https:\/\/schema.org\",\"@graph\":[{\"@type\":\"WebPage\",\"@id\":\"https:\/\/www.lebenswelt-schule.de\/index.php\/hort\/arbeitsgemeinschaften\/\",\"url\":\"https:\/\/www.lebenswelt-schule.de\/index.php\/hort\/arbeitsgemeinschaften\/\",\"name\":\"Unsere Haltung - Lebenswelt Schule\",\"isPartOf\":{\"@id\":\"https:\/\/www.lebenswelt-schule.de\/#website\"},\"primaryImageOfPage\":{\"@id\":\"https:\/\/www.lebenswelt-schule.de\/index.php\/hort\/arbeitsgemeinschaften\/#primaryimage\"},\"image\":{\"@id\":\"https:\/\/www.lebenswelt-schule.de\/index.php\/hort\/arbeitsgemeinschaften\/#primaryimage\"},\"thumbnailUrl\":\"https:\/\/www.lebenswelt-schule.de\/wp-content\/uploads\/2023\/08\/IMG_0340-1024x768.jpg\",\"datePublished\":\"2020-10-06T08:40:55+00:00\",\"dateModified\":\"2023-08-11T09:30:05+00:00\",\"breadcrumb\":{\"@id\":\"https:\/\/www.lebenswelt-schule.de\/index.php\/hort\/arbeitsgemeinschaften\/#breadcrumb\"},\"inLanguage\":\"de\",\"potentialAction\":[{\"@type\":\"ReadAction\",\"target\":[\"https:\/\/www.lebenswelt-schule.de\/index.php\/hort\/arbeitsgemeinschaften\/\"]}]},{\"@type\":\"ImageObject\",\"inLanguage\":\"de\",\"@id\":\"https:\/\/www.lebenswelt-schule.de\/index.php\/hort\/arbeitsgemeinschaften\/#primaryimage\",\"url\":\"https:\/\/www.lebenswelt-schule.de\/wp-content\/uploads\/2023\/08\/IMG_0340-scaled.jpg\",\"contentUrl\":\"https:\/\/www.lebenswelt-schule.de\/wp-content\/uploads\/2023\/08\/IMG_0340-scaled.jpg\",\"width\":2560,\"height\":1920},{\"@type\":\"BreadcrumbList\",\"@id\":\"https:\/\/www.lebenswelt-schule.de\/index.php\/hort\/arbeitsgemeinschaften\/#breadcrumb\",\"itemListElement\":[{\"@type\":\"ListItem\",\"position\":1,\"name\":\"Home\",\"item\":\"https:\/\/www.lebenswelt-schule.de\/\"},{\"@type\":\"ListItem\",\"position\":2,\"name\":\"Hort\",\"item\":\"https:\/\/www.lebenswelt-schule.de\/index.php\/hort\/\"},{\"@type\":\"ListItem\",\"position\":3,\"name\":\"Unsere Haltung\"}]},{\"@type\":\"WebSite\",\"@id\":\"https:\/\/www.lebenswelt-schule.de\/#website\",\"url\":\"https:\/\/www.lebenswelt-schule.de\/\",\"name\":\"Lebenswelt Schule\",\"description\":\"Christliche Montessori-Ganztagsschule staatlich anerkannte Ersatzschule\",\"publisher\":{\"@id\":\"https:\/\/www.lebenswelt-schule.de\/#organization\"},\"potentialAction\":[{\"@type\":\"SearchAction\",\"target\":{\"@type\":\"EntryPoint\",\"urlTemplate\":\"https:\/\/www.lebenswelt-schule.de\/?s={search_term_string}\"},\"query-input\":{\"@type\":\"PropertyValueSpecification\",\"valueRequired\":true,\"valueName\":\"search_term_string\"}}],\"inLanguage\":\"de\"},{\"@type\":\"Organization\",\"@id\":\"https:\/\/www.lebenswelt-schule.de\/#organization\",\"name\":\"Lebenswelt Schule\",\"url\":\"https:\/\/www.lebenswelt-schule.de\/\",\"logo\":{\"@type\":\"ImageObject\",\"inLanguage\":\"de\",\"@id\":\"https:\/\/www.lebenswelt-schule.de\/#\/schema\/logo\/image\/\",\"url\":\"https:\/\/www.lebenswelt-schule.de\/wp-content\/uploads\/2021\/01\/logo-briefkopf.jpg\",\"contentUrl\":\"https:\/\/www.lebenswelt-schule.de\/wp-content\/uploads\/2021\/01\/logo-briefkopf.jpg\",\"width\":2442,\"height\":1638,\"caption\":\"Lebenswelt Schule\"},\"image\":{\"@id\":\"https:\/\/www.lebenswelt-schule.de\/#\/schema\/logo\/image\/\"},\"sameAs\":[\"https:\/\/www.facebook.com\/lebensweltschule\"]}]}<\/script>\n<!-- \/ Yoast SEO plugin. -->","yoast_head_json":{"title":"Unsere Haltung - Lebenswelt Schule","robots":{"index":"index","follow":"follow","max-snippet":"max-snippet:-1","max-image-preview":"max-image-preview:large","max-video-preview":"max-video-preview:-1"},"canonical":"https:\/\/www.lebenswelt-schule.de\/index.php\/hort\/arbeitsgemeinschaften\/","og_locale":"de_DE","og_type":"article","og_title":"Unsere Haltung - Lebenswelt Schule","og_description":"Schwerpunkte und Ziele unserer Arbeit Wertsch\u00e4tzung, Vertrauen und Achtung P\u00e4dagogischer Grunds\u00e4tze Zusammenarbeit auf allen Ebenen Struktur und Kontexte Kinderstruktur \u00d6ffnungszeiten Ein-Blick ins Geb\u00e4ude und ins Au\u00dfengel\u00e4nde Kinderbeteiligung Grundrecht Beteiligung Hilf mir, ich m\u00f6chte es selber tun. Demokratie lernen Beobachtung und Dokumentation Ganztagsangebote Das habe ich im Hort gelernt! Abwechslung im rhythmisierten Ganztag Kleingruppe als Sozialisationsform","og_url":"https:\/\/www.lebenswelt-schule.de\/index.php\/hort\/arbeitsgemeinschaften\/","og_site_name":"Lebenswelt Schule","article_publisher":"https:\/\/www.facebook.com\/lebensweltschule","article_modified_time":"2023-08-11T09:30:05+00:00","og_image":[{"url":"https:\/\/lebenswelt-schule-de.server.wwu.media\/wp-content\/uploads\/2023\/08\/IMG_0340-1024x768.jpg","type":"","width":"","height":""}],"twitter_card":"summary_large_image","schema":{"@context":"https:\/\/schema.org","@graph":[{"@type":"WebPage","@id":"https:\/\/www.lebenswelt-schule.de\/index.php\/hort\/arbeitsgemeinschaften\/","url":"https:\/\/www.lebenswelt-schule.de\/index.php\/hort\/arbeitsgemeinschaften\/","name":"Unsere Haltung - Lebenswelt Schule","isPartOf":{"@id":"https:\/\/www.lebenswelt-schule.de\/#website"},"primaryImageOfPage":{"@id":"https:\/\/www.lebenswelt-schule.de\/index.php\/hort\/arbeitsgemeinschaften\/#primaryimage"},"image":{"@id":"https:\/\/www.lebenswelt-schule.de\/index.php\/hort\/arbeitsgemeinschaften\/#primaryimage"},"thumbnailUrl":"https:\/\/www.lebenswelt-schule.de\/wp-content\/uploads\/2023\/08\/IMG_0340-1024x768.jpg","datePublished":"2020-10-06T08:40:55+00:00","dateModified":"2023-08-11T09:30:05+00:00","breadcrumb":{"@id":"https:\/\/www.lebenswelt-schule.de\/index.php\/hort\/arbeitsgemeinschaften\/#breadcrumb"},"inLanguage":"de","potentialAction":[{"@type":"ReadAction","target":["https:\/\/www.lebenswelt-schule.de\/index.php\/hort\/arbeitsgemeinschaften\/"]}]},{"@type":"ImageObject","inLanguage":"de","@id":"https:\/\/www.lebenswelt-schule.de\/index.php\/hort\/arbeitsgemeinschaften\/#primaryimage","url":"https:\/\/www.lebenswelt-schule.de\/wp-content\/uploads\/2023\/08\/IMG_0340-scaled.jpg","contentUrl":"https:\/\/www.lebenswelt-schule.de\/wp-content\/uploads\/2023\/08\/IMG_0340-scaled.jpg","width":2560,"height":1920},{"@type":"BreadcrumbList","@id":"https:\/\/www.lebenswelt-schule.de\/index.php\/hort\/arbeitsgemeinschaften\/#breadcrumb","itemListElement":[{"@type":"ListItem","position":1,"name":"Home","item":"https:\/\/www.lebenswelt-schule.de\/"},{"@type":"ListItem","position":2,"name":"Hort","item":"https:\/\/www.lebenswelt-schule.de\/index.php\/hort\/"},{"@type":"ListItem","position":3,"name":"Unsere Haltung"}]},{"@type":"WebSite","@id":"https:\/\/www.lebenswelt-schule.de\/#website","url":"https:\/\/www.lebenswelt-schule.de\/","name":"Lebenswelt Schule","description":"Christliche Montessori-Ganztagsschule staatlich anerkannte Ersatzschule","publisher":{"@id":"https:\/\/www.lebenswelt-schule.de\/#organization"},"potentialAction":[{"@type":"SearchAction","target":{"@type":"EntryPoint","urlTemplate":"https:\/\/www.lebenswelt-schule.de\/?s={search_term_string}"},"query-input":{"@type":"PropertyValueSpecification","valueRequired":true,"valueName":"search_term_string"}}],"inLanguage":"de"},{"@type":"Organization","@id":"https:\/\/www.lebenswelt-schule.de\/#organization","name":"Lebenswelt Schule","url":"https:\/\/www.lebenswelt-schule.de\/","logo":{"@type":"ImageObject","inLanguage":"de","@id":"https:\/\/www.lebenswelt-schule.de\/#\/schema\/logo\/image\/","url":"https:\/\/www.lebenswelt-schule.de\/wp-content\/uploads\/2021\/01\/logo-briefkopf.jpg","contentUrl":"https:\/\/www.lebenswelt-schule.de\/wp-content\/uploads\/2021\/01\/logo-briefkopf.jpg","width":2442,"height":1638,"caption":"Lebenswelt Schule"},"image":{"@id":"https:\/\/www.lebenswelt-schule.de\/#\/schema\/logo\/image\/"},"sameAs":["https:\/\/www.facebook.com\/lebensweltschule"]}]}},"_links":{"self":[{"href":"https:\/\/www.lebenswelt-schule.de\/index.php\/wp-json\/wp\/v2\/pages\/48","targetHints":{"allow":["GET"]}}],"collection":[{"href":"https:\/\/www.lebenswelt-schule.de\/index.php\/wp-json\/wp\/v2\/pages"}],"about":[{"href":"https:\/\/www.lebenswelt-schule.de\/index.php\/wp-json\/wp\/v2\/types\/page"}],"author":[{"embeddable":true,"href":"https:\/\/www.lebenswelt-schule.de\/index.php\/wp-json\/wp\/v2\/users\/1"}],"replies":[{"embeddable":true,"href":"https:\/\/www.lebenswelt-schule.de\/index.php\/wp-json\/wp\/v2\/comments?post=48"}],"version-history":[{"count":41,"href":"https:\/\/www.lebenswelt-schule.de\/index.php\/wp-json\/wp\/v2\/pages\/48\/revisions"}],"predecessor-version":[{"id":1647,"href":"https:\/\/www.lebenswelt-schule.de\/index.php\/wp-json\/wp\/v2\/pages\/48\/revisions\/1647"}],"up":[{"embeddable":true,"href":"https:\/\/www.lebenswelt-schule.de\/index.php\/wp-json\/wp\/v2\/pages\/43"}],"wp:attachment":[{"href":"https:\/\/www.lebenswelt-schule.de\/index.php\/wp-json\/wp\/v2\/media?parent=48"}],"curies":[{"name":"wp","href":"https:\/\/api.w.org\/{rel}","templated":true}]}}