{"id":84,"date":"2020-10-06T10:46:37","date_gmt":"2020-10-06T08:46:37","guid":{"rendered":"http:\/\/lebenswelt-schule.webentwicklung.haus-der-edv.de\/?page_id=84"},"modified":"2025-06-24T16:53:23","modified_gmt":"2025-06-24T14:53:23","slug":"inklusion-in-unseren-einrichtungen","status":"publish","type":"page","link":"https:\/\/www.lebenswelt-schule.de\/index.php\/verein\/inklusion-in-unseren-einrichtungen\/","title":{"rendered":"Geschichte und Geb\u00e4ude"},"content":{"rendered":"\n<p>Der Verein Lebenswelt Schule e.V. wurde am <strong>16.11.2005<\/strong> von engagierten Eltern und P\u00e4dagoginnen gegr\u00fcndet.<\/p>\n\n\n\n<p>Im <strong>September 2007<\/strong> nahm die  <a href=\"https:\/\/www.lebenswelt-schule.de\/index.php\/schule\/\" target=\"_blank\" rel=\"noreferrer noopener\">Lebenswelt Grundschule<\/a> als Schule in freier Tr\u00e4gerschaft ihren Betreib auf. Der <a href=\"https:\/\/www.lebenswelt-schule.de\/index.php\/hort\/\" target=\"_blank\" rel=\"noreferrer noopener\">Lebenswelt Schulhort<\/a> erg\u00e4nzte im Sommer 2008 unser Angebot, so dass die Sch\u00fcler nun den ganzen Tag  bei uns sein konnten.<\/p>\n\n\n\n<p><strong>Grundschule und Hort befinden sich heute im d\u00f6rflichen Zwenkauer Ortsteil R\u00fcssen-Kleinstorkwitz.  <\/strong><\/p>\n\n\n\n<p>Nachdem wir im Jahr <strong>2007 zun\u00e4chst in den Gemeinder\u00e4umen der katholischen Gemeinde Zwenkau<\/strong> starten konnten, zogen wir dann zu Beginn des Schuljahres 2008\/09 auf das Grundst\u00fcck hier in ein Interimsgeb\u00e4ude. <\/p>\n\n\n\n<p>Im Jahr <strong>2010 <\/strong>machten wir dann das alte, zwischenzeitlich <strong>anderweitig genutzte Schulgeb\u00e4ude wieder f\u00fcr den Schulbetrieb nutzbar<\/strong> und zogen dann dort ein. Im Schuljahr <strong>2013\/14<\/strong> erfolgte dann eine <strong>denkmalgerechte, energetische Sanierung<\/strong> des Hauses, so dass es wieder in altem Glanz erstrahlt.<\/p>\n\n\n\n<figure class=\"wp-block-image size-large\"><img loading=\"lazy\" decoding=\"async\" width=\"1024\" height=\"684\" src=\"https:\/\/www.lebenswelt-schule.de\/wp-content\/uploads\/2023\/08\/Zwenkau-Impressionen_29-1024x684.jpg\" alt=\"\" class=\"wp-image-1587\" srcset=\"https:\/\/www.lebenswelt-schule.de\/wp-content\/uploads\/2023\/08\/Zwenkau-Impressionen_29-1024x684.jpg 1024w, https:\/\/www.lebenswelt-schule.de\/wp-content\/uploads\/2023\/08\/Zwenkau-Impressionen_29-300x200.jpg 300w, https:\/\/www.lebenswelt-schule.de\/wp-content\/uploads\/2023\/08\/Zwenkau-Impressionen_29-768x513.jpg 768w, https:\/\/www.lebenswelt-schule.de\/wp-content\/uploads\/2023\/08\/Zwenkau-Impressionen_29-1536x1025.jpg 1536w, https:\/\/www.lebenswelt-schule.de\/wp-content\/uploads\/2023\/08\/Zwenkau-Impressionen_29-2048x1367.jpg 2048w, https:\/\/www.lebenswelt-schule.de\/wp-content\/uploads\/2023\/08\/Zwenkau-Impressionen_29-750x500.jpg 750w\" sizes=\"auto, (max-width: 1024px) 100vw, 1024px\" \/><figcaption class=\"wp-element-caption\"><a href=\"https:\/\/www.openstreetmap.org\/#map=17\/51.19246\/12.30308\" target=\"_blank\" rel=\"noreferrer noopener\">Schulhaus im Geschwister-Scholl-Weg 1 in Zwenkau, Ortsteil R\u00fcssen-Kleinstorkwitz<\/a><\/figcaption><\/figure>\n\n\n\n<p>Neben dem Schulgeb\u00e4ude mit den Hortr\u00e4umen und der Turnhalle geh\u00f6rt seit dem Jahr 2011 ein gro\u00dfes <strong>naturnah umgestaltetes Au\u00dfengel\u00e4nde<\/strong> dazu. Es bietet vielf\u00e4ltige Bewegungs- und Spiel- und Lernanreize und wurde im Jahr 2015 als <a href=\"https:\/\/www.deinschulhof.de\/index.php?id=40\">einer der 10 sch\u00f6nsten Schulh\u00f6fe in Deutschland <\/a>ausgezeichnet. <\/p>\n\n\n\n<p>In den <strong>Jahren 2018 bis 2020<\/strong> konnten wir an dem Projekt der <a href=\"https:\/\/www.schulstiftung-ekd.de\/2018-sonderfoerderprogramm-gemeinsam-in-die-inklusion\/\">Evangelischen Schulstiftung in der EKD &#8222;Gemeinsam in die Inklusion&#8220;<\/a> teilnehmen, was uns zur <strong>Umsetzung der Inklusion in Schule und Hort<\/strong> sehr geholfen hat. Dadurch haben wir Absprachen und Festlegungen treffen k\u00f6nnen, die unseren Sch\u00fclern ein inklusives Lernen erm\u00f6glichen.<\/p>\n\n\n\n<p>Im den <strong>Jahren 2022 und 2023<\/strong> haben wir unsere Vereinsstruktur ver\u00e4ndert, wodurch wir nun einen Vereinsrat und eine Gesch\u00e4ftsf\u00fchrung haben. Gem\u00e4\u00df der Satzung obliegt dem Vereinsrat die Bestellung, Kontrolle und Beratung der Gesch\u00e4ftsf\u00fchrung. Die Gesch\u00e4ftsf\u00fchrung f\u00fchrt die laufende Gesch\u00e4fte, koordiniert die Personalf\u00fchrung und vertritt den Verein nach au\u00dfen.<\/p>\n\n\n<div class=\"wp-block-image\">\n<figure class=\"aligncenter size-full\"><img loading=\"lazy\" decoding=\"async\" width=\"778\" height=\"782\" src=\"https:\/\/www.lebenswelt-schule.de\/wp-content\/uploads\/2023\/08\/Struktur-einfach.jpg\" alt=\"\" class=\"wp-image-1589\" srcset=\"https:\/\/www.lebenswelt-schule.de\/wp-content\/uploads\/2023\/08\/Struktur-einfach.jpg 778w, https:\/\/www.lebenswelt-schule.de\/wp-content\/uploads\/2023\/08\/Struktur-einfach-298x300.jpg 298w, https:\/\/www.lebenswelt-schule.de\/wp-content\/uploads\/2023\/08\/Struktur-einfach-150x150.jpg 150w, https:\/\/www.lebenswelt-schule.de\/wp-content\/uploads\/2023\/08\/Struktur-einfach-768x772.jpg 768w, https:\/\/www.lebenswelt-schule.de\/wp-content\/uploads\/2023\/08\/Struktur-einfach-73x73.jpg 73w, https:\/\/www.lebenswelt-schule.de\/wp-content\/uploads\/2023\/08\/Struktur-einfach-174x174.jpg 174w, https:\/\/www.lebenswelt-schule.de\/wp-content\/uploads\/2023\/08\/Struktur-einfach-250x250.jpg 250w\" sizes=\"auto, (max-width: 778px) 100vw, 778px\" \/><figcaption class=\"wp-element-caption\">Strukturorganigramm &#8211; vereinfacht<\/figcaption><\/figure>\n<\/div>\n\n\n<p>Au\u00dferdem haben wir im Jahr <strong>2022 <\/strong>die fr\u00fcher von einem Kindergarten genutzten R\u00e4ume in unserem Schulhaus zur eigenen Nutzung erhalten. So konnten wir im <strong>Sommer 2023 das Klassenzimmer f\u00fcr unsere Delfinklasse<\/strong> im Erdgeschoss <strong>erweitern <\/strong>und dort auch f\u00fcr diese Klasse eine <strong>eigene Lernwerkstatt<\/strong> einrichten. <\/p>\n\n\n\n<p>Derzeit bereiten wir die Erneuerung unseres Garderoben- und Sanit\u00e4rgeb\u00e4udes sowie die Umnutzung der R\u00e4ume des ehemaligen Kindergartens vor<strong>.  Unter Um- und Erweiterungsbau finden Sie f\u00fcr diese Projekt alle aktuellen Informationen.<\/strong><\/p>\n\n\n\n<p>Wir haben das Ziel, <strong>bis zum 100-j\u00e4hrigen Geburtstag des Schulhaus im Jahre 2026<\/strong> diesen Anbau zu realisieren.<\/p>\n","protected":false},"excerpt":{"rendered":"<p>Der Verein Lebenswelt Schule e.V. wurde am 16.11.2005 von engagierten Eltern und P\u00e4dagoginnen gegr\u00fcndet. Im September 2007 nahm die Lebenswelt Grundschule als Schule in freier Tr\u00e4gerschaft ihren Betreib auf. Der Lebenswelt Schulhort erg\u00e4nzte im Sommer 2008 unser Angebot, so dass die Sch\u00fcler nun den ganzen Tag bei uns sein konnten. Grundschule und Hort befinden sich<a href=\"https:\/\/www.lebenswelt-schule.de\/index.php\/verein\/inklusion-in-unseren-einrichtungen\/\">[&#8230;]<\/a><\/p>\n","protected":false},"author":1,"featured_media":0,"parent":74,"menu_order":0,"comment_status":"closed","ping_status":"closed","template":"","meta":{"_themeisle_gutenberg_block_has_review":false,"footnotes":""},"class_list":["post-84","page","type-page","status-publish","hentry"],"yoast_head":"<!-- This site is optimized with the Yoast SEO plugin v26.9 - https:\/\/yoast.com\/product\/yoast-seo-wordpress\/ -->\n<title>Geschichte und Geb\u00e4ude - Lebenswelt Schule<\/title>\n<meta name=\"robots\" content=\"index, follow, max-snippet:-1, max-image-preview:large, max-video-preview:-1\" \/>\n<link rel=\"canonical\" href=\"https:\/\/www.lebenswelt-schule.de\/index.php\/verein\/inklusion-in-unseren-einrichtungen\/\" \/>\n<meta property=\"og:locale\" content=\"de_DE\" \/>\n<meta property=\"og:type\" content=\"article\" \/>\n<meta property=\"og:title\" content=\"Geschichte und Geb\u00e4ude - Lebenswelt Schule\" \/>\n<meta property=\"og:description\" content=\"Der Verein Lebenswelt Schule e.V. wurde am 16.11.2005 von engagierten Eltern und P\u00e4dagoginnen gegr\u00fcndet. Im September 2007 nahm die Lebenswelt Grundschule als Schule in freier Tr\u00e4gerschaft ihren Betreib auf. Der Lebenswelt Schulhort erg\u00e4nzte im Sommer 2008 unser Angebot, so dass die Sch\u00fcler nun den ganzen Tag bei uns sein konnten. Grundschule und Hort befinden sich[...]\" \/>\n<meta property=\"og:url\" content=\"https:\/\/www.lebenswelt-schule.de\/index.php\/verein\/inklusion-in-unseren-einrichtungen\/\" \/>\n<meta property=\"og:site_name\" content=\"Lebenswelt Schule\" \/>\n<meta property=\"article:publisher\" content=\"https:\/\/www.facebook.com\/lebensweltschule\" \/>\n<meta property=\"article:modified_time\" content=\"2025-06-24T14:53:23+00:00\" \/>\n<meta property=\"og:image\" content=\"https:\/\/www.lebenswelt-schule.de\/wp-content\/uploads\/2023\/08\/Zwenkau-Impressionen_29-1024x684.jpg\" \/>\n<meta name=\"twitter:card\" content=\"summary_large_image\" \/>\n<meta name=\"twitter:label1\" content=\"Gesch\u00e4tzte Lesezeit\" \/>\n\t<meta name=\"twitter:data1\" content=\"3\u00a0Minuten\" \/>\n<script type=\"application\/ld+json\" class=\"yoast-schema-graph\">{\"@context\":\"https:\/\/schema.org\",\"@graph\":[{\"@type\":\"WebPage\",\"@id\":\"https:\/\/www.lebenswelt-schule.de\/index.php\/verein\/inklusion-in-unseren-einrichtungen\/\",\"url\":\"https:\/\/www.lebenswelt-schule.de\/index.php\/verein\/inklusion-in-unseren-einrichtungen\/\",\"name\":\"Geschichte und Geb\u00e4ude - Lebenswelt Schule\",\"isPartOf\":{\"@id\":\"https:\/\/www.lebenswelt-schule.de\/#website\"},\"primaryImageOfPage\":{\"@id\":\"https:\/\/www.lebenswelt-schule.de\/index.php\/verein\/inklusion-in-unseren-einrichtungen\/#primaryimage\"},\"image\":{\"@id\":\"https:\/\/www.lebenswelt-schule.de\/index.php\/verein\/inklusion-in-unseren-einrichtungen\/#primaryimage\"},\"thumbnailUrl\":\"https:\/\/www.lebenswelt-schule.de\/wp-content\/uploads\/2023\/08\/Zwenkau-Impressionen_29-1024x684.jpg\",\"datePublished\":\"2020-10-06T08:46:37+00:00\",\"dateModified\":\"2025-06-24T14:53:23+00:00\",\"breadcrumb\":{\"@id\":\"https:\/\/www.lebenswelt-schule.de\/index.php\/verein\/inklusion-in-unseren-einrichtungen\/#breadcrumb\"},\"inLanguage\":\"de\",\"potentialAction\":[{\"@type\":\"ReadAction\",\"target\":[\"https:\/\/www.lebenswelt-schule.de\/index.php\/verein\/inklusion-in-unseren-einrichtungen\/\"]}]},{\"@type\":\"ImageObject\",\"inLanguage\":\"de\",\"@id\":\"https:\/\/www.lebenswelt-schule.de\/index.php\/verein\/inklusion-in-unseren-einrichtungen\/#primaryimage\",\"url\":\"https:\/\/www.lebenswelt-schule.de\/wp-content\/uploads\/2023\/08\/Zwenkau-Impressionen_29.jpg\",\"contentUrl\":\"https:\/\/www.lebenswelt-schule.de\/wp-content\/uploads\/2023\/08\/Zwenkau-Impressionen_29.jpg\",\"width\":2500,\"height\":1669},{\"@type\":\"BreadcrumbList\",\"@id\":\"https:\/\/www.lebenswelt-schule.de\/index.php\/verein\/inklusion-in-unseren-einrichtungen\/#breadcrumb\",\"itemListElement\":[{\"@type\":\"ListItem\",\"position\":1,\"name\":\"Home\",\"item\":\"https:\/\/www.lebenswelt-schule.de\/\"},{\"@type\":\"ListItem\",\"position\":2,\"name\":\"Verein\",\"item\":\"https:\/\/www.lebenswelt-schule.de\/index.php\/verein\/\"},{\"@type\":\"ListItem\",\"position\":3,\"name\":\"Geschichte und Geb\u00e4ude\"}]},{\"@type\":\"WebSite\",\"@id\":\"https:\/\/www.lebenswelt-schule.de\/#website\",\"url\":\"https:\/\/www.lebenswelt-schule.de\/\",\"name\":\"Lebenswelt Schule\",\"description\":\"Christliche Montessori-Ganztagsschule staatlich anerkannte Ersatzschule\",\"publisher\":{\"@id\":\"https:\/\/www.lebenswelt-schule.de\/#organization\"},\"potentialAction\":[{\"@type\":\"SearchAction\",\"target\":{\"@type\":\"EntryPoint\",\"urlTemplate\":\"https:\/\/www.lebenswelt-schule.de\/?s={search_term_string}\"},\"query-input\":{\"@type\":\"PropertyValueSpecification\",\"valueRequired\":true,\"valueName\":\"search_term_string\"}}],\"inLanguage\":\"de\"},{\"@type\":\"Organization\",\"@id\":\"https:\/\/www.lebenswelt-schule.de\/#organization\",\"name\":\"Lebenswelt Schule\",\"url\":\"https:\/\/www.lebenswelt-schule.de\/\",\"logo\":{\"@type\":\"ImageObject\",\"inLanguage\":\"de\",\"@id\":\"https:\/\/www.lebenswelt-schule.de\/#\/schema\/logo\/image\/\",\"url\":\"https:\/\/www.lebenswelt-schule.de\/wp-content\/uploads\/2021\/01\/logo-briefkopf.jpg\",\"contentUrl\":\"https:\/\/www.lebenswelt-schule.de\/wp-content\/uploads\/2021\/01\/logo-briefkopf.jpg\",\"width\":2442,\"height\":1638,\"caption\":\"Lebenswelt Schule\"},\"image\":{\"@id\":\"https:\/\/www.lebenswelt-schule.de\/#\/schema\/logo\/image\/\"},\"sameAs\":[\"https:\/\/www.facebook.com\/lebensweltschule\"]}]}<\/script>\n<!-- \/ Yoast SEO plugin. -->","yoast_head_json":{"title":"Geschichte und Geb\u00e4ude - Lebenswelt Schule","robots":{"index":"index","follow":"follow","max-snippet":"max-snippet:-1","max-image-preview":"max-image-preview:large","max-video-preview":"max-video-preview:-1"},"canonical":"https:\/\/www.lebenswelt-schule.de\/index.php\/verein\/inklusion-in-unseren-einrichtungen\/","og_locale":"de_DE","og_type":"article","og_title":"Geschichte und Geb\u00e4ude - Lebenswelt Schule","og_description":"Der Verein Lebenswelt Schule e.V. wurde am 16.11.2005 von engagierten Eltern und P\u00e4dagoginnen gegr\u00fcndet. Im September 2007 nahm die Lebenswelt Grundschule als Schule in freier Tr\u00e4gerschaft ihren Betreib auf. Der Lebenswelt Schulhort erg\u00e4nzte im Sommer 2008 unser Angebot, so dass die Sch\u00fcler nun den ganzen Tag bei uns sein konnten. Grundschule und Hort befinden sich[...]","og_url":"https:\/\/www.lebenswelt-schule.de\/index.php\/verein\/inklusion-in-unseren-einrichtungen\/","og_site_name":"Lebenswelt Schule","article_publisher":"https:\/\/www.facebook.com\/lebensweltschule","article_modified_time":"2025-06-24T14:53:23+00:00","og_image":[{"url":"https:\/\/www.lebenswelt-schule.de\/wp-content\/uploads\/2023\/08\/Zwenkau-Impressionen_29-1024x684.jpg","type":"","width":"","height":""}],"twitter_card":"summary_large_image","twitter_misc":{"Gesch\u00e4tzte Lesezeit":"3\u00a0Minuten"},"schema":{"@context":"https:\/\/schema.org","@graph":[{"@type":"WebPage","@id":"https:\/\/www.lebenswelt-schule.de\/index.php\/verein\/inklusion-in-unseren-einrichtungen\/","url":"https:\/\/www.lebenswelt-schule.de\/index.php\/verein\/inklusion-in-unseren-einrichtungen\/","name":"Geschichte und Geb\u00e4ude - Lebenswelt Schule","isPartOf":{"@id":"https:\/\/www.lebenswelt-schule.de\/#website"},"primaryImageOfPage":{"@id":"https:\/\/www.lebenswelt-schule.de\/index.php\/verein\/inklusion-in-unseren-einrichtungen\/#primaryimage"},"image":{"@id":"https:\/\/www.lebenswelt-schule.de\/index.php\/verein\/inklusion-in-unseren-einrichtungen\/#primaryimage"},"thumbnailUrl":"https:\/\/www.lebenswelt-schule.de\/wp-content\/uploads\/2023\/08\/Zwenkau-Impressionen_29-1024x684.jpg","datePublished":"2020-10-06T08:46:37+00:00","dateModified":"2025-06-24T14:53:23+00:00","breadcrumb":{"@id":"https:\/\/www.lebenswelt-schule.de\/index.php\/verein\/inklusion-in-unseren-einrichtungen\/#breadcrumb"},"inLanguage":"de","potentialAction":[{"@type":"ReadAction","target":["https:\/\/www.lebenswelt-schule.de\/index.php\/verein\/inklusion-in-unseren-einrichtungen\/"]}]},{"@type":"ImageObject","inLanguage":"de","@id":"https:\/\/www.lebenswelt-schule.de\/index.php\/verein\/inklusion-in-unseren-einrichtungen\/#primaryimage","url":"https:\/\/www.lebenswelt-schule.de\/wp-content\/uploads\/2023\/08\/Zwenkau-Impressionen_29.jpg","contentUrl":"https:\/\/www.lebenswelt-schule.de\/wp-content\/uploads\/2023\/08\/Zwenkau-Impressionen_29.jpg","width":2500,"height":1669},{"@type":"BreadcrumbList","@id":"https:\/\/www.lebenswelt-schule.de\/index.php\/verein\/inklusion-in-unseren-einrichtungen\/#breadcrumb","itemListElement":[{"@type":"ListItem","position":1,"name":"Home","item":"https:\/\/www.lebenswelt-schule.de\/"},{"@type":"ListItem","position":2,"name":"Verein","item":"https:\/\/www.lebenswelt-schule.de\/index.php\/verein\/"},{"@type":"ListItem","position":3,"name":"Geschichte und Geb\u00e4ude"}]},{"@type":"WebSite","@id":"https:\/\/www.lebenswelt-schule.de\/#website","url":"https:\/\/www.lebenswelt-schule.de\/","name":"Lebenswelt Schule","description":"Christliche Montessori-Ganztagsschule staatlich anerkannte Ersatzschule","publisher":{"@id":"https:\/\/www.lebenswelt-schule.de\/#organization"},"potentialAction":[{"@type":"SearchAction","target":{"@type":"EntryPoint","urlTemplate":"https:\/\/www.lebenswelt-schule.de\/?s={search_term_string}"},"query-input":{"@type":"PropertyValueSpecification","valueRequired":true,"valueName":"search_term_string"}}],"inLanguage":"de"},{"@type":"Organization","@id":"https:\/\/www.lebenswelt-schule.de\/#organization","name":"Lebenswelt Schule","url":"https:\/\/www.lebenswelt-schule.de\/","logo":{"@type":"ImageObject","inLanguage":"de","@id":"https:\/\/www.lebenswelt-schule.de\/#\/schema\/logo\/image\/","url":"https:\/\/www.lebenswelt-schule.de\/wp-content\/uploads\/2021\/01\/logo-briefkopf.jpg","contentUrl":"https:\/\/www.lebenswelt-schule.de\/wp-content\/uploads\/2021\/01\/logo-briefkopf.jpg","width":2442,"height":1638,"caption":"Lebenswelt Schule"},"image":{"@id":"https:\/\/www.lebenswelt-schule.de\/#\/schema\/logo\/image\/"},"sameAs":["https:\/\/www.facebook.com\/lebensweltschule"]}]}},"_links":{"self":[{"href":"https:\/\/www.lebenswelt-schule.de\/index.php\/wp-json\/wp\/v2\/pages\/84","targetHints":{"allow":["GET"]}}],"collection":[{"href":"https:\/\/www.lebenswelt-schule.de\/index.php\/wp-json\/wp\/v2\/pages"}],"about":[{"href":"https:\/\/www.lebenswelt-schule.de\/index.php\/wp-json\/wp\/v2\/types\/page"}],"author":[{"embeddable":true,"href":"https:\/\/www.lebenswelt-schule.de\/index.php\/wp-json\/wp\/v2\/users\/1"}],"replies":[{"embeddable":true,"href":"https:\/\/www.lebenswelt-schule.de\/index.php\/wp-json\/wp\/v2\/comments?post=84"}],"version-history":[{"count":16,"href":"https:\/\/www.lebenswelt-schule.de\/index.php\/wp-json\/wp\/v2\/pages\/84\/revisions"}],"predecessor-version":[{"id":1777,"href":"https:\/\/www.lebenswelt-schule.de\/index.php\/wp-json\/wp\/v2\/pages\/84\/revisions\/1777"}],"up":[{"embeddable":true,"href":"https:\/\/www.lebenswelt-schule.de\/index.php\/wp-json\/wp\/v2\/pages\/74"}],"wp:attachment":[{"href":"https:\/\/www.lebenswelt-schule.de\/index.php\/wp-json\/wp\/v2\/media?parent=84"}],"curies":[{"name":"wp","href":"https:\/\/api.w.org\/{rel}","templated":true}]}}